{"id":1848,"date":"2016-03-06T21:00:10","date_gmt":"2016-03-06T19:00:10","guid":{"rendered":"https:\/\/www.ledclusive.de\/blog\/?page_id=1848"},"modified":"2022-02-07T16:00:27","modified_gmt":"2022-02-07T14:00:27","slug":"lichtseminar","status":"publish","type":"page","link":"https:\/\/www.LEDclusive.de\/blog\/lichtseminar\/","title":{"rendered":"7. Lichtseminar in W\u00fcrzburg (05.Juli 2018)"},"content":{"rendered":"<h2>Lichttechnische Parameter verstehen und messen<\/h2>\n<p><a href=\"https:\/\/www.ledclusive.de\/blog\/lichtseminar\/\"><img loading=\"lazy\" decoding=\"async\" class=\"alignleft size-full wp-image-7758\" title=\"Lichtseminar W\u00fcrzburg\" src=\"https:\/\/www.LEDclusive.de\/blog\/wp-content\/uploads\/2017\/09\/Lichtparameter-will-ich-endlich-wissen800_150.jpg\" alt=\"Lichtseminar W\u00fcrzburg\" width=\"800\" height=\"423\" data-popupalt-original-title=\"null\" srcset=\"https:\/\/www.ledclusive.de\/blog\/wp-content\/uploads\/2017\/09\/Lichtparameter-will-ich-endlich-wissen800_150.jpg 800w, https:\/\/www.ledclusive.de\/blog\/wp-content\/uploads\/2017\/09\/Lichtparameter-will-ich-endlich-wissen800_150-300x159.jpg 300w, https:\/\/www.ledclusive.de\/blog\/wp-content\/uploads\/2017\/09\/Lichtparameter-will-ich-endlich-wissen800_150-768x406.jpg 768w\" sizes=\"auto, (max-width: 800px) 100vw, 800px\" \/><\/a><\/p>\n<h3><\/h3>\n<h3><\/h3>\n<h3><\/h3>\n<h3><\/h3>\n<h3><\/h3>\n<h3><\/h3>\n<h3><\/h3>\n<h3><\/h3>\n<h3><\/h3>\n<h3><\/h3>\n<h3>Wieviel Licht-Profi sind Sie?<\/h3>\n<p>Sie sind Experte in Licht und verwenden t\u00e4glich Begriffe wie Farbtemperatur, CRI, McAdams, Lichtstrom und Lux und ggf. viele mehr.<\/p>\n<p>Doch wie standfest sind Sie wirklich auf Detail-Fragen zur Bedeutung dieser und weiterer lichttechnischen Parameter?<\/p>\n<table style=\"height: 300px;\" width=\"534\">\n<tbody>\n<tr>\n<td style=\"width: auto; background-color: #d7e397;\">\n<h4><strong> 10 Fragen die ein Licht-Profi aus dem Stehgreif beantworten k\u00f6nnen sollte:<\/strong><\/h4>\n<ol>\n<li>Was haben Candela und Lux gemeinsam? Kann ich mit einem Luxmeter auch Lichtst\u00e4rke messen?<\/li>\n<li>Warum ist Licht mit gleicher Farbtemperatur und gleichem CRI und kleinem SDCM nicht gleich?<\/li>\n<li>Wie ist es m\u00f6glich, dass Licht mit hohem CRI unnat\u00fcrlich wirkt?<\/li>\n<li>Welche Ursache hat Flimmern und welche Bedeutung haben Flickerindex, Flickerfaktor und Flickerfrequenz?<\/li>\n<li>K\u00f6nnen Sie die Bedeutung und Inhalte des Farbdiagramms CIE 1931 bzw. 1976 erkl\u00e4ren?<\/li>\n<li>Warum hei\u00dft die \u201eBlack-Body-Line\u201c so und was hat diese mit einer Gl\u00fchlampe gemeinsam?<\/li>\n<li>Warum ist eine hohe Farbtemperatur kalt und eine niedrige warm?<\/li>\n<li>Welche statistische Bedeutung hat die Angabe \u201eSDCM&lt;5\u201c bei z.B. LED-Leuchten?<\/li>\n<li>Bei welchem Licht gilt: \u201eNachts sind alle Katzen grau\u201c?<\/li>\n<li>Wieviel Referenzfarben werden im CRI (8\/14\/15) herangezogen und welche Bedeutung hat der Nachfolger TM30-15?<\/li>\n<\/ol>\n<\/td>\n<\/tr>\n<\/tbody>\n<\/table>\n<p style=\"text-align: center;\"><span style=\"font-size: 14pt;\"><strong>\ud83d\udca1 Ertappt? \ud83d\udca1 <\/strong><\/span><\/p>\n<p>Dann m\u00f6chten wir Sie herzlichst zu unserem<strong> Lichtseminar 2018 im VCC Vogel Convention Center in W\u00fcrzburg <\/strong>einladen. Gerne beantworten wir Ihnen diese Fragen und m\u00f6chten Ihnen eine Vielzahl weiterer bedeutungsvoller, lichttechnischer Parameter anschaulich und praxisnah vermitteln.<\/p>\n<p>Das Seminar ist in Bl\u00f6cke unterteilt. Dabei erhalten Sie jeweilig im Anschluss daran die M\u00f6glichkeit selbst Lichtmessungen mit mobilen Messger\u00e4ten durchzuf\u00fchren.<br \/>\nBringen Sie doch Ihr eigenes Leuchtmittel mit und messen selbst.<\/p>\n<p>Erleben Sie Licht und nehmen ein tieferes Verst\u00e4ndnis f\u00fcr diese Werte und deren Zusammenh\u00e4nge mit nach Hause.<\/p>\n<p>Des Weiteren bieten wir Ihnen ein ungezwungenes und angenehmes Treffen bereits am Vorabend (04.07.18 ab 19:00 Uhr) in der &#8222;Alten Mainm\u00fchle&#8220; an. Unterhalten Sie sich schon hier mit unseren Lichtprofis und betreiben Sie Networking.<\/p>\n<h5><a href=\"https:\/\/www.ledclusive.de\/blog\/wp-content\/uploads\/2018\/03\/Flyer-Lichtseminar_Juli_2018.pdf\">Flyer-Lichtseminar_als PDF<\/a><\/h5>\n<p><strong>Also, schnell noch anmelden und Pl\u00e4tze sichern!<\/strong><\/p>\n<table>\n<tbody>\n<tr>\n<td><strong>Veranstaltungstermin:<\/strong><\/p>\n<p>Donnerstag, 05. Juli 2018<br \/>\n09:00 &#8211; 16:15 Uhr<\/td>\n<td><strong>Veranstaltungsort:<\/strong><\/p>\n<p><a href=\"http:\/\/www.vcc-wuerzburg.de\/\" target=\"_blank\" rel=\"nofollow noopener\"><span style=\"color: #0000ff;\"><strong>Vogel Convention Center<\/strong><\/span><\/a><br \/>\nMax-Planck-Str. 7\/9<br \/>\n97082 W\u00fcrzburg<\/td>\n<\/tr>\n<tr>\n<td><strong>Kosten:<\/strong><\/p>\n<p>Seminargeb\u00fchr inkl. Catering (Vegetarier: bitte kurze Info)<br \/>\nUnkostenbeitrag: <strong>160,00\u20ac<\/strong><br \/>\nzzgl. 19% MwSt<\/p>\n<p>Zahlbar via Rechnung<\/td>\n<td><strong>Referenten:<\/strong><\/p>\n<ul>\n<li>Reiner Fauser (Fauser Elektrotechnik)<\/li>\n<li>Tom Reichelt (LEDclusive.de)<\/li>\n<\/ul>\n<p><!--- <span style=\"color: #0000ff;\"><strong>Flyer zum Lichtseminar 2018 in W\u00fcrzburg (PDF)\n<\/strong><\/span>\n\n<strong><span style=\"color: #0000ff;\">Hoteltipps und geselliges Vorabend-Fachsimpeln (PDF)<\/span><\/strong> --><\/td>\n<\/tr>\n<\/tbody>\n<\/table>\n<h5><u><span style=\"color: #000120; background-color: #bfe6ff;\">\u00a0<\/span><\/u><\/h5>\n<div class='fluentform ff-default fluentform_wrapper_6 ffs_default_wrap'><form data-form_id=\"6\" id=\"fluentform_6\" class=\"frm-fluent-form fluent_form_6 ff-el-form-top ff_form_instance_6_1 ff-form-loading ffs_default\" data-form_instance=\"ff_form_instance_6_1\" method=\"POST\" ><fieldset  style=\"border: none!important;margin: 0!important;padding: 0!important;background-color: transparent!important;box-shadow: none!important;outline: none!important; min-inline-size: 100%;\">\n                    <legend class=\"ff_screen_reader_title\" style=\"display: block; margin: 0!important;padding: 0!important;height: 0!important;text-indent: -999999px;width: 0!important;overflow:hidden;\">Seminaranmeldung  (#6)<\/legend>        <div\n                style=\"display: none!important; position: absolute!important; transform: translateX(1000%)!important;\"\n                class=\"ff-el-group ff-hpsf-container\"\n        >\n            <div class=\"ff-el-input--label asterisk-right\">\n                <label for=\"ff_6_item_sf\" aria-label=\"Notify\">\n                    Notify                <\/label>\n            <\/div>\n            <div class=\"ff-el-input--content\">\n                <input type=\"text\"\n                       name=\"item_6__fluent_sf\"\n                       class=\"ff-el-form-control\"\n                       id=\"ff_6_item_sf\"\n                \/>\n            <\/div>\n        <\/div>\n        <input type='hidden' name='__fluent_form_embded_post_id' value='1848' \/><input type=\"hidden\" id=\"_fluentform_6_fluentformnonce\" name=\"_fluentform_6_fluentformnonce\" value=\"89cd87c58d\" \/><input type=\"hidden\" name=\"_wp_http_referer\" value=\"\/blog\/wp-json\/wp\/v2\/pages\/1848\" \/><div class='ff-el-group  ff-custom_html' tabindex='-1' data-name=\"custom_html-6_1\" ><h3>Verbindliche Anmeldung:<\/h3>\n<p>Hiermit melde ich mich verbindlich zum Lichtseminar in W\u00fcrzburg am 05.Juli 2018 an.<\/p><\/div><div data-name=\"ff_cn_id_1\"  class='ff-t-container ff-column-container ff_columns_total_2 '><div class='ff-t-cell ff-t-column-1' style='flex-basis: 50%;'><div class='ff-el-group'><div class=\"ff-el-input--label ff-el-is-required asterisk-right\"><label for='ff_6_input_text_1' id='label_ff_6_input_text_1' aria-label=\"Vorname\">Vorname<\/label><\/div><div class='ff-el-input--content'><input type=\"text\" name=\"input_text_1\" class=\"ff-el-form-control\" placeholder=\"Vorname\" data-name=\"input_text_1\" tabindex=\"1\" id=\"ff_6_input_text_1\"  aria-invalid=\"false\" aria-required=true><\/div><\/div><\/div><div class='ff-t-cell ff-t-column-2' style='flex-basis: 50%;'><div class='ff-el-group'><div class=\"ff-el-input--label ff-el-is-required asterisk-right\"><label for='ff_6_input_text_2' id='label_ff_6_input_text_2' aria-label=\"Nachname\">Nachname<\/label><\/div><div class='ff-el-input--content'><input type=\"text\" name=\"input_text_2\" class=\"ff-el-form-control\" placeholder=\"Nachname\" data-name=\"input_text_2\" tabindex=\"2\" id=\"ff_6_input_text_2\"  aria-invalid=\"false\" aria-required=true><\/div><\/div><\/div><\/div><div data-name=\"ff_cn_id_2\"  class='ff-t-container ff-column-container ff_columns_total_1 '><div class='ff-t-cell ff-t-column-1' style='flex-basis: 100%;'><div class='ff-el-group'><div class=\"ff-el-input--label asterisk-right\"><label for='ff_6_input_text' id='label_ff_6_input_text' aria-label=\"Firma\">Firma<\/label><\/div><div class='ff-el-input--content'><input type=\"text\" name=\"input_text\" class=\"ff-el-form-control\" placeholder=\"Firma\" data-name=\"input_text\" tabindex=\"3\" id=\"ff_6_input_text\"  aria-invalid=\"false\" aria-required=false><\/div><\/div><div class='ff-el-group'><div class=\"ff-el-input--label ff-el-is-required asterisk-right\"><label for='ff_6_input_text_7' id='label_ff_6_input_text_7' aria-label=\"Stra\u00dfe\">Stra\u00dfe<\/label><\/div><div class='ff-el-input--content'><input type=\"text\" name=\"input_text_7\" class=\"ff-el-form-control\" placeholder=\"Stra\u00dfe\" data-name=\"input_text_7\" tabindex=\"4\" id=\"ff_6_input_text_7\"  aria-invalid=\"false\" aria-required=true><\/div><\/div><\/div><\/div><div data-name=\"ff_cn_id_3\"  class='ff-t-container ff-column-container ff_columns_total_2 '><div class='ff-t-cell ff-t-column-1' style='flex-basis: 50%;'><div class='ff-el-group'><div class=\"ff-el-input--label ff-el-is-required asterisk-right\"><label for='ff_6_input_text_6' id='label_ff_6_input_text_6' aria-label=\"PLZ\">PLZ<\/label><\/div><div class='ff-el-input--content'><input type=\"text\" name=\"input_text_6\" class=\"ff-el-form-control\" placeholder=\"PLZ\" data-name=\"input_text_6\" tabindex=\"5\" id=\"ff_6_input_text_6\"  aria-invalid=\"false\" aria-required=true><\/div><\/div><\/div><div class='ff-t-cell ff-t-column-2' style='flex-basis: 50%;'><div class='ff-el-group'><div class=\"ff-el-input--label ff-el-is-required asterisk-right\"><label for='ff_6_input_text_5' id='label_ff_6_input_text_5' aria-label=\"Ort\">Ort<\/label><\/div><div class='ff-el-input--content'><input type=\"text\" name=\"input_text_5\" class=\"ff-el-form-control\" placeholder=\"Ort\" data-name=\"input_text_5\" tabindex=\"6\" id=\"ff_6_input_text_5\"  aria-invalid=\"false\" aria-required=true><\/div><\/div><\/div><\/div><div data-name=\"ff_cn_id_4\"  class='ff-t-container ff-column-container ff_columns_total_1 '><div class='ff-t-cell ff-t-column-1' style='flex-basis: 100%;'><div class='ff-el-group'><div class=\"ff-el-input--label ff-el-is-required asterisk-right\"><label for='ff_6_email' id='label_ff_6_email' aria-label=\"E-Mail-Adresse\">E-Mail-Adresse<\/label><\/div><div class='ff-el-input--content'><input type=\"email\" name=\"email\" id=\"ff_6_email\" class=\"ff-el-form-control\" placeholder=\"E-Mail-Adresse\" data-name=\"email\" tabindex=\"7\"  aria-invalid=\"false\" aria-required=true><\/div><\/div><div class='ff-el-group'><div class=\"ff-el-input--label ff-el-is-required asterisk-right\"><label for='ff_6_input_text_4' id='label_ff_6_input_text_4' aria-label=\"Telefonnummer\">Telefonnummer<\/label><\/div><div class='ff-el-input--content'><input type=\"text\" name=\"input_text_4\" class=\"ff-el-form-control\" placeholder=\"Telefon\" data-name=\"input_text_4\" tabindex=\"8\" id=\"ff_6_input_text_4\"  aria-invalid=\"false\" aria-required=true><\/div><\/div><div class='ff-el-group'><div class=\"ff-el-input--label asterisk-right\"><label for='ff_6_description' id='label_ff_6_description' aria-label=\"Fragen, Anregungen, Hinweise:\">Fragen, Anregungen, Hinweise:<\/label><\/div><div class='ff-el-input--content'><textarea aria-required=\"false\" aria-labelledby=\"label_ff_6_description\" name=\"description\" id=\"ff_6_description\" class=\"ff-el-form-control\" rows=\"4\" cols=\"2\" data-name=\"description\" tabindex=\"9\" ><\/textarea><\/div><\/div><\/div><\/div><div class='ff-el-group ff-text-center ff_submit_btn_wrapper'><button type=\"submit\" class=\"ff-btn ff-btn-submit ff-btn-md ff_btn_style\" tabindex=\"10\"  aria-label=\"Anmeldung zum Lichtseminar absenden\">Anmeldung zum Lichtseminar absenden<\/button><\/div><\/fieldset><\/form><div id='fluentform_6_errors' class='ff-errors-in-stack ff_form_instance_6_1 ff-form-loading_errors ff_form_instance_6_1_errors'><\/div><\/div>            <script type=\"text\/javascript\">\n                window.fluent_form_ff_form_instance_6_1 = {\"id\":\"6\",\"ajaxUrl\":\"https:\\\/\\\/www.ledclusive.de\\\/blog\\\/wp-admin\\\/admin-ajax.php\",\"settings\":{\"layout\":{\"labelPlacement\":\"top\",\"helpMessagePlacement\":\"with_label\",\"errorMessagePlacement\":\"inline\",\"asteriskPlacement\":\"asterisk-right\"},\"restrictions\":{\"denyEmptySubmission\":{\"enabled\":false}}},\"form_instance\":\"ff_form_instance_6_1\",\"form_id_selector\":\"fluentform_6\",\"rules\":{\"input_text_1\":{\"required\":{\"value\":true,\"message\":\"Dieses Feld ist erforderlich\"}},\"input_text_2\":{\"required\":{\"value\":true,\"message\":\"Dieses Feld ist erforderlich\"}},\"input_text\":{\"required\":{\"value\":false,\"message\":\"Dieses Feld ist erforderlich\"}},\"input_text_7\":{\"required\":{\"value\":true,\"message\":\"Dieses Feld ist erforderlich\"}},\"input_text_6\":{\"required\":{\"value\":true,\"message\":\"Dieses Feld ist erforderlich\"}},\"input_text_5\":{\"required\":{\"value\":true,\"message\":\"Dieses Feld ist erforderlich\"}},\"email\":{\"required\":{\"value\":true,\"message\":\"Dieses Feld ist erforderlich\"},\"email\":{\"value\":true,\"message\":\"Dieses Feld muss eine g\\u00fcltige E-Mail-Adresse enthalten\"}},\"input_text_4\":{\"required\":{\"value\":true,\"message\":\"Dieses Feld ist erforderlich\"}},\"description\":{\"required\":{\"value\":false,\"message\":\"Dieses Feld ist erforderlich\"}}},\"debounce_time\":300};\n                            <\/script>\n            \n","protected":false},"excerpt":{"rendered":"<p>Lichttechnische Parameter verstehen und messen Wieviel Licht-Profi sind Sie? Sie sind Experte in Licht und verwenden t\u00e4glich Begriffe wie Farbtemperatur, CRI, McAdams, Lichtstrom und Lux und ggf. viele mehr. Doch wie standfest sind Sie wirklich auf Detail-Fragen zur Bedeutung dieser und weiterer lichttechnischen Parameter? 10 Fragen die ein Licht-Profi aus dem Stehgreif beantworten k\u00f6nnen sollte:&hellip;&nbsp;<a href=\"https:\/\/www.LEDclusive.de\/blog\/lichtseminar\/\" rel=\"bookmark\">Weiterlesen &raquo;<span class=\"screen-reader-text\">7. Lichtseminar in W\u00fcrzburg (05.Juli 2018)<\/span><\/a><\/p>\n","protected":false},"author":4,"featured_media":0,"parent":0,"menu_order":0,"comment_status":"closed","ping_status":"closed","template":"","meta":{"neve_meta_sidebar":"","neve_meta_container":"","neve_meta_enable_content_width":"","neve_meta_content_width":0,"neve_meta_title_alignment":"","neve_meta_author_avatar":"","neve_post_elements_order":"","neve_meta_disable_header":"","neve_meta_disable_footer":"","neve_meta_disable_title":"","cybocfi_hide_featured_image":"","iawp_total_views":11,"footnotes":"","_links_to":"","_links_to_target":""},"class_list":["post-1848","page","type-page","status-publish","hentry"],"yoast_head":"<!-- This site is optimized with the Yoast SEO plugin v27.5 - https:\/\/yoast.com\/product\/yoast-seo-wordpress\/ -->\n<title>7. Lichtseminar in W\u00fcrzburg (05.Juli 2018)<\/title>\n<meta name=\"description\" content=\"Lichtseminar als Workshop. Selber mit vorliegenden Lichtspektrometer lichttechnische Parameter messen.\" \/>\n<meta name=\"robots\" content=\"index, follow, max-snippet:-1, max-image-preview:large, max-video-preview:-1\" \/>\n<link rel=\"canonical\" href=\"https:\/\/www.LEDclusive.de\/blog\/lichtseminar\/\" \/>\n<meta property=\"og:locale\" content=\"de_DE\" \/>\n<meta property=\"og:type\" content=\"article\" \/>\n<meta property=\"og:title\" content=\"7. Lichtseminar in W\u00fcrzburg (05.Juli 2018)\" \/>\n<meta property=\"og:description\" content=\"Lichtseminar als Workshop. Selber mit vorliegenden Lichtspektrometer lichttechnische Parameter messen.\" \/>\n<meta property=\"og:url\" content=\"https:\/\/www.LEDclusive.de\/blog\/lichtseminar\/\" \/>\n<meta property=\"og:site_name\" content=\"LED Blog zum LED Fachhandel\" \/>\n<meta property=\"article:publisher\" content=\"https:\/\/www.facebook.com\/led.shop.LEDclusive\/\" \/>\n<meta property=\"article:modified_time\" content=\"2022-02-07T14:00:27+00:00\" \/>\n<meta property=\"og:image\" content=\"https:\/\/www.LEDclusive.de\/blog\/wp-content\/uploads\/2017\/09\/Lichtparameter-will-ich-endlich-wissen800_150.jpg\" \/>\n<meta name=\"twitter:card\" content=\"summary_large_image\" \/>\n<meta name=\"twitter:site\" content=\"@LED_Profi\" \/>\n<meta name=\"twitter:label1\" content=\"Gesch\u00e4tzte Lesezeit\" \/>\n\t<meta name=\"twitter:data1\" content=\"3\u00a0Minuten\" \/>\n<script type=\"application\/ld+json\" class=\"yoast-schema-graph\">{\"@context\":\"https:\\\/\\\/schema.org\",\"@graph\":[{\"@type\":\"WebPage\",\"@id\":\"https:\\\/\\\/www.LEDclusive.de\\\/blog\\\/lichtseminar\\\/\",\"url\":\"https:\\\/\\\/www.LEDclusive.de\\\/blog\\\/lichtseminar\\\/\",\"name\":\"7. Lichtseminar in W\u00fcrzburg (05.Juli 2018)\",\"isPartOf\":{\"@id\":\"https:\\\/\\\/www.LEDclusive.de\\\/blog\\\/#website\"},\"primaryImageOfPage\":{\"@id\":\"https:\\\/\\\/www.LEDclusive.de\\\/blog\\\/lichtseminar\\\/#primaryimage\"},\"image\":{\"@id\":\"https:\\\/\\\/www.LEDclusive.de\\\/blog\\\/lichtseminar\\\/#primaryimage\"},\"thumbnailUrl\":\"https:\\\/\\\/www.LEDclusive.de\\\/blog\\\/wp-content\\\/uploads\\\/2017\\\/09\\\/Lichtparameter-will-ich-endlich-wissen800_150.jpg\",\"datePublished\":\"2016-03-06T19:00:10+00:00\",\"dateModified\":\"2022-02-07T14:00:27+00:00\",\"description\":\"Lichtseminar als Workshop. Selber mit vorliegenden Lichtspektrometer lichttechnische Parameter messen.\",\"breadcrumb\":{\"@id\":\"https:\\\/\\\/www.LEDclusive.de\\\/blog\\\/lichtseminar\\\/#breadcrumb\"},\"inLanguage\":\"de\",\"potentialAction\":[{\"@type\":\"ReadAction\",\"target\":[\"https:\\\/\\\/www.LEDclusive.de\\\/blog\\\/lichtseminar\\\/\"]}]},{\"@type\":\"ImageObject\",\"inLanguage\":\"de\",\"@id\":\"https:\\\/\\\/www.LEDclusive.de\\\/blog\\\/lichtseminar\\\/#primaryimage\",\"url\":\"https:\\\/\\\/www.LEDclusive.de\\\/blog\\\/wp-content\\\/uploads\\\/2017\\\/09\\\/Lichtparameter-will-ich-endlich-wissen800_150.jpg\",\"contentUrl\":\"https:\\\/\\\/www.LEDclusive.de\\\/blog\\\/wp-content\\\/uploads\\\/2017\\\/09\\\/Lichtparameter-will-ich-endlich-wissen800_150.jpg\"},{\"@type\":\"BreadcrumbList\",\"@id\":\"https:\\\/\\\/www.LEDclusive.de\\\/blog\\\/lichtseminar\\\/#breadcrumb\",\"itemListElement\":[{\"@type\":\"ListItem\",\"position\":1,\"name\":\"Startseite\",\"item\":\"https:\\\/\\\/www.LEDclusive.de\\\/blog\\\/\"},{\"@type\":\"ListItem\",\"position\":2,\"name\":\"7. Lichtseminar in W\u00fcrzburg (05.Juli 2018)\"}]},{\"@type\":\"WebSite\",\"@id\":\"https:\\\/\\\/www.LEDclusive.de\\\/blog\\\/#website\",\"url\":\"https:\\\/\\\/www.LEDclusive.de\\\/blog\\\/\",\"name\":\"LED Blog zum LED Fachhandel\",\"description\":\"Fachbeitr\u00e4ge rund um LED Produkte - F\u00fcr Sie ausgesucht und getestet\",\"publisher\":{\"@id\":\"https:\\\/\\\/www.LEDclusive.de\\\/blog\\\/#organization\"},\"potentialAction\":[{\"@type\":\"SearchAction\",\"target\":{\"@type\":\"EntryPoint\",\"urlTemplate\":\"https:\\\/\\\/www.LEDclusive.de\\\/blog\\\/?s={search_term_string}\"},\"query-input\":{\"@type\":\"PropertyValueSpecification\",\"valueRequired\":true,\"valueName\":\"search_term_string\"}}],\"inLanguage\":\"de\"},{\"@type\":\"Organization\",\"@id\":\"https:\\\/\\\/www.LEDclusive.de\\\/blog\\\/#organization\",\"name\":\"LEDclusive.de\",\"alternateName\":\"LEDclusive.de - LED-Shop mit Know-How\",\"url\":\"https:\\\/\\\/www.LEDclusive.de\\\/blog\\\/\",\"logo\":{\"@type\":\"ImageObject\",\"inLanguage\":\"de\",\"@id\":\"https:\\\/\\\/www.LEDclusive.de\\\/blog\\\/#\\\/schema\\\/logo\\\/image\\\/\",\"url\":\"https:\\\/\\\/www.LEDclusive.de\\\/blog\\\/wp-content\\\/uploads\\\/2021\\\/01\\\/led-shop-logo.jpg\",\"contentUrl\":\"https:\\\/\\\/www.LEDclusive.de\\\/blog\\\/wp-content\\\/uploads\\\/2021\\\/01\\\/led-shop-logo.jpg\",\"width\":213,\"height\":52,\"caption\":\"LEDclusive.de\"},\"image\":{\"@id\":\"https:\\\/\\\/www.LEDclusive.de\\\/blog\\\/#\\\/schema\\\/logo\\\/image\\\/\"},\"sameAs\":[\"https:\\\/\\\/www.facebook.com\\\/led.shop.LEDclusive\\\/\",\"https:\\\/\\\/x.com\\\/LED_Profi\",\"https:\\\/\\\/www.linkedin.com\\\/company\\\/ledclusive.de\",\"https:\\\/\\\/www.youtube.com\\\/channel\\\/UCglV4it-pBv1cOMe81cugkg\"]}]}<\/script>\n<!-- \/ Yoast SEO plugin. -->","yoast_head_json":{"title":"7. Lichtseminar in W\u00fcrzburg (05.Juli 2018)","description":"Lichtseminar als Workshop. Selber mit vorliegenden Lichtspektrometer lichttechnische Parameter messen.","robots":{"index":"index","follow":"follow","max-snippet":"max-snippet:-1","max-image-preview":"max-image-preview:large","max-video-preview":"max-video-preview:-1"},"canonical":"https:\/\/www.LEDclusive.de\/blog\/lichtseminar\/","og_locale":"de_DE","og_type":"article","og_title":"7. Lichtseminar in W\u00fcrzburg (05.Juli 2018)","og_description":"Lichtseminar als Workshop. Selber mit vorliegenden Lichtspektrometer lichttechnische Parameter messen.","og_url":"https:\/\/www.LEDclusive.de\/blog\/lichtseminar\/","og_site_name":"LED Blog zum LED Fachhandel","article_publisher":"https:\/\/www.facebook.com\/led.shop.LEDclusive\/","article_modified_time":"2022-02-07T14:00:27+00:00","og_image":[{"url":"https:\/\/www.LEDclusive.de\/blog\/wp-content\/uploads\/2017\/09\/Lichtparameter-will-ich-endlich-wissen800_150.jpg","type":"","width":"","height":""}],"twitter_card":"summary_large_image","twitter_site":"@LED_Profi","twitter_misc":{"Gesch\u00e4tzte Lesezeit":"3\u00a0Minuten"},"schema":{"@context":"https:\/\/schema.org","@graph":[{"@type":"WebPage","@id":"https:\/\/www.LEDclusive.de\/blog\/lichtseminar\/","url":"https:\/\/www.LEDclusive.de\/blog\/lichtseminar\/","name":"7. Lichtseminar in W\u00fcrzburg (05.Juli 2018)","isPartOf":{"@id":"https:\/\/www.LEDclusive.de\/blog\/#website"},"primaryImageOfPage":{"@id":"https:\/\/www.LEDclusive.de\/blog\/lichtseminar\/#primaryimage"},"image":{"@id":"https:\/\/www.LEDclusive.de\/blog\/lichtseminar\/#primaryimage"},"thumbnailUrl":"https:\/\/www.LEDclusive.de\/blog\/wp-content\/uploads\/2017\/09\/Lichtparameter-will-ich-endlich-wissen800_150.jpg","datePublished":"2016-03-06T19:00:10+00:00","dateModified":"2022-02-07T14:00:27+00:00","description":"Lichtseminar als Workshop. Selber mit vorliegenden Lichtspektrometer lichttechnische Parameter messen.","breadcrumb":{"@id":"https:\/\/www.LEDclusive.de\/blog\/lichtseminar\/#breadcrumb"},"inLanguage":"de","potentialAction":[{"@type":"ReadAction","target":["https:\/\/www.LEDclusive.de\/blog\/lichtseminar\/"]}]},{"@type":"ImageObject","inLanguage":"de","@id":"https:\/\/www.LEDclusive.de\/blog\/lichtseminar\/#primaryimage","url":"https:\/\/www.LEDclusive.de\/blog\/wp-content\/uploads\/2017\/09\/Lichtparameter-will-ich-endlich-wissen800_150.jpg","contentUrl":"https:\/\/www.LEDclusive.de\/blog\/wp-content\/uploads\/2017\/09\/Lichtparameter-will-ich-endlich-wissen800_150.jpg"},{"@type":"BreadcrumbList","@id":"https:\/\/www.LEDclusive.de\/blog\/lichtseminar\/#breadcrumb","itemListElement":[{"@type":"ListItem","position":1,"name":"Startseite","item":"https:\/\/www.LEDclusive.de\/blog\/"},{"@type":"ListItem","position":2,"name":"7. Lichtseminar in W\u00fcrzburg (05.Juli 2018)"}]},{"@type":"WebSite","@id":"https:\/\/www.LEDclusive.de\/blog\/#website","url":"https:\/\/www.LEDclusive.de\/blog\/","name":"LED Blog zum LED Fachhandel","description":"Fachbeitr\u00e4ge rund um LED Produkte - F\u00fcr Sie ausgesucht und getestet","publisher":{"@id":"https:\/\/www.LEDclusive.de\/blog\/#organization"},"potentialAction":[{"@type":"SearchAction","target":{"@type":"EntryPoint","urlTemplate":"https:\/\/www.LEDclusive.de\/blog\/?s={search_term_string}"},"query-input":{"@type":"PropertyValueSpecification","valueRequired":true,"valueName":"search_term_string"}}],"inLanguage":"de"},{"@type":"Organization","@id":"https:\/\/www.LEDclusive.de\/blog\/#organization","name":"LEDclusive.de","alternateName":"LEDclusive.de - LED-Shop mit Know-How","url":"https:\/\/www.LEDclusive.de\/blog\/","logo":{"@type":"ImageObject","inLanguage":"de","@id":"https:\/\/www.LEDclusive.de\/blog\/#\/schema\/logo\/image\/","url":"https:\/\/www.LEDclusive.de\/blog\/wp-content\/uploads\/2021\/01\/led-shop-logo.jpg","contentUrl":"https:\/\/www.LEDclusive.de\/blog\/wp-content\/uploads\/2021\/01\/led-shop-logo.jpg","width":213,"height":52,"caption":"LEDclusive.de"},"image":{"@id":"https:\/\/www.LEDclusive.de\/blog\/#\/schema\/logo\/image\/"},"sameAs":["https:\/\/www.facebook.com\/led.shop.LEDclusive\/","https:\/\/x.com\/LED_Profi","https:\/\/www.linkedin.com\/company\/ledclusive.de","https:\/\/www.youtube.com\/channel\/UCglV4it-pBv1cOMe81cugkg"]}]}},"_links":{"self":[{"href":"https:\/\/www.LEDclusive.de\/blog\/wp-json\/wp\/v2\/pages\/1848","targetHints":{"allow":["GET"]}}],"collection":[{"href":"https:\/\/www.LEDclusive.de\/blog\/wp-json\/wp\/v2\/pages"}],"about":[{"href":"https:\/\/www.LEDclusive.de\/blog\/wp-json\/wp\/v2\/types\/page"}],"author":[{"embeddable":true,"href":"https:\/\/www.LEDclusive.de\/blog\/wp-json\/wp\/v2\/users\/4"}],"replies":[{"embeddable":true,"href":"https:\/\/www.LEDclusive.de\/blog\/wp-json\/wp\/v2\/comments?post=1848"}],"version-history":[{"count":146,"href":"https:\/\/www.LEDclusive.de\/blog\/wp-json\/wp\/v2\/pages\/1848\/revisions"}],"predecessor-version":[{"id":19978,"href":"https:\/\/www.LEDclusive.de\/blog\/wp-json\/wp\/v2\/pages\/1848\/revisions\/19978"}],"wp:attachment":[{"href":"https:\/\/www.LEDclusive.de\/blog\/wp-json\/wp\/v2\/media?parent=1848"}],"curies":[{"name":"wp","href":"https:\/\/api.w.org\/{rel}","templated":true}]}}